{"id":60,"date":"2020-04-19T10:43:32","date_gmt":"2020-04-19T10:43:32","guid":{"rendered":"https:\/\/pruebaconunasonrisa.org\/?page_id=60"},"modified":"2025-02-07T21:50:34","modified_gmt":"2025-02-07T21:50:34","slug":"i-gala-solidaria","status":"publish","type":"page","link":"https:\/\/pruebaconunasonrisa.org\/index.php\/que-hacemos\/i-gala-solidaria\/","title":{"rendered":"Galas Solidarias"},"content":{"rendered":"\n<p><strong>I GALA SOLIDARIA<\/strong><\/p>\n\n\n\n<p>El 30 de noviembre de 2019 tuvo lugar en el Hotel Palacio de Mer\u00e1s la <em><strong>I Gala Solidaria \u201cPrueba con una sonrisa\u201d<\/strong><\/em>, en la que, acompa\u00f1ados por m\u00e1s de 200 personas se dio a conocer de manera oficial la Asociaci\u00f3n.<\/p>\n\n\n\n<p>A las 21:30 arrancaba la explicaci\u00f3n del proyecto en boca de Sandra, Dar\u00edo y Eva, siendo Miguel P\u00e9rez el encargado de conducir el acto, que continuaba con una cena, m\u00faltiples sorteos y la actuaci\u00f3n musical de Haim \u00c1lvarez.<\/p>\n\n\n\n<p>Una noche, sin duda, de much\u00edsimas sorpresas y de muchas <strong>SONRISAS<\/strong>.<\/p>\n\n\n\n<figure class=\"wp-block-image size-large\"><img loading=\"lazy\" decoding=\"async\" width=\"1024\" height=\"768\" src=\"https:\/\/pruebaconunasonrisa.org\/wp-content\/uploads\/2020\/04\/IMG-20191201-WA0005-1024x768.jpg\" alt=\"\" class=\"wp-image-61\" srcset=\"https:\/\/pruebaconunasonrisa.org\/wp-content\/uploads\/2020\/04\/IMG-20191201-WA0005-1024x768.jpg 1024w, https:\/\/pruebaconunasonrisa.org\/wp-content\/uploads\/2020\/04\/IMG-20191201-WA0005-300x225.jpg 300w, https:\/\/pruebaconunasonrisa.org\/wp-content\/uploads\/2020\/04\/IMG-20191201-WA0005-768x576.jpg 768w, https:\/\/pruebaconunasonrisa.org\/wp-content\/uploads\/2020\/04\/IMG-20191201-WA0005-1536x1152.jpg 1536w, https:\/\/pruebaconunasonrisa.org\/wp-content\/uploads\/2020\/04\/IMG-20191201-WA0005-685x514.jpg 685w, https:\/\/pruebaconunasonrisa.org\/wp-content\/uploads\/2020\/04\/IMG-20191201-WA0005-2000x1500.jpg 2000w, https:\/\/pruebaconunasonrisa.org\/wp-content\/uploads\/2020\/04\/IMG-20191201-WA0005.jpg 2048w\" sizes=\"auto, (max-width: 1024px) 100vw, 1024px\" \/><\/figure>\n\n\n\n<p><strong>II GALA SOLIDARIA (29 DE ABRIL DE 2024)<\/strong><\/p>\n\n\n\n<p>Volvimos, despu\u00e9s de la pandemia, a celebrar nuestra II Gala Solidaria en el Hotel Palacio de Mer\u00e1s, en donde <a href=\"https:\/\/www.rafaelredondo.com\/\">Rafael Redondo<\/a>, coach certificado, intervino para darnos un speech de crecimiento personal. Una gala presentada por Asier Colado en la que se logr\u00f3 recaudar 3100\u20ac #vsc\u00e1ncerinfantil.<\/p>\n\n\n\n<figure class=\"wp-block-image size-large\"><img loading=\"lazy\" decoding=\"async\" width=\"741\" height=\"736\" src=\"https:\/\/pruebaconunasonrisa.org\/wp-content\/uploads\/2025\/02\/image-7.png\" alt=\"\" class=\"wp-image-168\" srcset=\"https:\/\/pruebaconunasonrisa.org\/wp-content\/uploads\/2025\/02\/image-7.png 741w, https:\/\/pruebaconunasonrisa.org\/wp-content\/uploads\/2025\/02\/image-7-300x298.png 300w, https:\/\/pruebaconunasonrisa.org\/wp-content\/uploads\/2025\/02\/image-7-150x150.png 150w, https:\/\/pruebaconunasonrisa.org\/wp-content\/uploads\/2025\/02\/image-7-685x680.png 685w, https:\/\/pruebaconunasonrisa.org\/wp-content\/uploads\/2025\/02\/image-7-100x100.png 100w, https:\/\/pruebaconunasonrisa.org\/wp-content\/uploads\/2025\/02\/image-7-24x24.png 24w, https:\/\/pruebaconunasonrisa.org\/wp-content\/uploads\/2025\/02\/image-7-36x36.png 36w, https:\/\/pruebaconunasonrisa.org\/wp-content\/uploads\/2025\/02\/image-7-48x48.png 48w\" sizes=\"auto, (max-width: 741px) 100vw, 741px\" \/><\/figure>\n","protected":false},"excerpt":{"rendered":"<p>I GALA SOLIDARIA El 30 de noviembre de 2019 tuvo lugar en el Hotel Palacio de Mer\u00e1s la I Gala Solidaria \u201cPrueba con una sonrisa\u201d, en la que, acompa\u00f1ados por m\u00e1s de 200 personas se dio a conocer de manera oficial la Asociaci\u00f3n. A las 21:30 arrancaba la explicaci\u00f3n del proyecto en boca de Sandra, &hellip; <a href=\"https:\/\/pruebaconunasonrisa.org\/index.php\/que-hacemos\/i-gala-solidaria\/\" class=\"more-link\">Seguir leyendo <span class=\"screen-reader-text\">Galas Solidarias<\/span><\/a><\/p>\n","protected":false},"author":1,"featured_media":0,"parent":17,"menu_order":0,"comment_status":"closed","ping_status":"closed","template":"","meta":{"footnotes":""},"class_list":["post-60","page","type-page","status-publish","hentry"],"_links":{"self":[{"href":"https:\/\/pruebaconunasonrisa.org\/index.php\/wp-json\/wp\/v2\/pages\/60","targetHints":{"allow":["GET"]}}],"collection":[{"href":"https:\/\/pruebaconunasonrisa.org\/index.php\/wp-json\/wp\/v2\/pages"}],"about":[{"href":"https:\/\/pruebaconunasonrisa.org\/index.php\/wp-json\/wp\/v2\/types\/page"}],"author":[{"embeddable":true,"href":"https:\/\/pruebaconunasonrisa.org\/index.php\/wp-json\/wp\/v2\/users\/1"}],"replies":[{"embeddable":true,"href":"https:\/\/pruebaconunasonrisa.org\/index.php\/wp-json\/wp\/v2\/comments?post=60"}],"version-history":[{"count":3,"href":"https:\/\/pruebaconunasonrisa.org\/index.php\/wp-json\/wp\/v2\/pages\/60\/revisions"}],"predecessor-version":[{"id":169,"href":"https:\/\/pruebaconunasonrisa.org\/index.php\/wp-json\/wp\/v2\/pages\/60\/revisions\/169"}],"up":[{"embeddable":true,"href":"https:\/\/pruebaconunasonrisa.org\/index.php\/wp-json\/wp\/v2\/pages\/17"}],"wp:attachment":[{"href":"https:\/\/pruebaconunasonrisa.org\/index.php\/wp-json\/wp\/v2\/media?parent=60"}],"curies":[{"name":"wp","href":"https:\/\/api.w.org\/{rel}","templated":true}]}}